{"id":17127,"date":"2025-09-23T14:41:04","date_gmt":"2025-09-23T12:41:04","guid":{"rendered":"https:\/\/www.aerovit.dk\/sales-and-delivery-terms\/"},"modified":"2026-04-28T10:58:35","modified_gmt":"2026-04-28T08:58:35","slug":"condicoes-gerais-de-venda-e-entrega","status":"publish","type":"page","link":"https:\/\/www.aerovit.dk\/pt-pt\/condicoes-gerais-de-venda-e-entrega\/","title":{"rendered":"Condi\u00e7\u00f5es gerais de venda e entrega"},"content":{"rendered":"<div class=\"block-cta-advanced relative bg-cover bg-center bg-no-repeat pt-6 md:pt-6 lg:pt-6 pb-6 md:pb-6 lg:pb-6    theme-dark schema-bg-color-dark_blue lazy-bg\"\n     id=\"block_69f076b8f1cf0\"\n\n     style=\"background-image: url('data:image\/gif;base64,R0lGODlhAQABAIAAAP\/\/\/\/\/\/\/yH5BAEKAAEALAAAAAABAAEAAAICTAEAOw==')\"\n     data-src=\"https:\/\/www.aerovit.dk\/wp-content\/uploads\/sites\/112\/2025\/09\/About-Aerovit-image-5.jpg\"\n\n    data-design-type=\"type_4\"\n    >\n\n    \n\n    <div class=\"absolute inset-0 z-10\"\n         style=\"background-color: #3c4858; opacity: 0.70\"><\/div>\n\n    \n    \n        \n\n<div class=\"container relative z-10\">\n    <div class=\"pb-16 pt-20 md:pt-32 lg:py-32 relative\">\n        <div class=\"relative   mx-auto text-center \">\n\n            \n            <div class=\"relative z-10 \">\n                <header class=\"mb-3\">\n                                        <h1 class=\"\">\n                        Condi\u00e7\u00f5es gerais de venda e entrega                    <\/h1>\n                <\/header>\n                <div class=\"wysiwyg-content  text-xl max-w-lg xl:max-w-xl mx-auto\">\n                                    <\/div>\n\n                            <\/div>\n        <\/div>\n    <\/div>\n\n    <\/div>\n    <\/div>\n\n\n<div class=\"block-section-header pt-6 md:pt-12 lg:pt-12 pb-0  theme-light schema-bg-color-light_gray\"\n     id=\"block_69f076b8f2c15\">\n\n    <div class=\"container\">\n\n        \n            <header class=\"text-center\">\n                                <h2 class=\"p-0 m-0\">\n                    Termos e condi\u00e7\u00f5es gerais de venda e entrega                <\/h2>\n                            <\/header>\n            <\/div>\n<\/div>\n\n\n\n<div class=\"block-text-columns pt-6 md:pt-12 lg:pt-12 pb-6 md:pb-12 lg:pb-12 theme-light schema-bg-color-light_gray\"\n     id=\"block_69f076b908e4a\">\n\n    <div class=\"container\">\n\n\n\n        \n            <div class=\"md:flex md:flex-wrap lg:-mx-4\">\n\n                \n\n                \n                <div class=\"md:px-4 md:w-1\/2 mb-12 md:mb-0\">\n                    \n                    \n                    \n                                            <div class=\"wysiwyg-content\">\n                            <h4>1. Especifica\u00e7\u00f5es t\u00e9cnicas<\/h4>\n<p>1.1 As ilustra\u00e7\u00f5es e informa\u00e7\u00f5es contidas em brochuras, etc. do Fornecedor n\u00e3o ser\u00e3o vinculativas. O Fornecedor remete para os desenhos anexos \u00e0s propostas.<\/p>\n<p>&nbsp;<\/p>\n<h4>2 Direitos de autor, etc.<\/h4>\n<p>2.1 Todos os esbo\u00e7os, desenhos e documenta\u00e7\u00e3o t\u00e9cnica entregues ao Comprador antes ou depois da celebra\u00e7\u00e3o de um acordo permanecer\u00e3o propriedade do Fornecedor, nos termos da Lei Dinamarquesa dos Direitos de Autor, da Lei Dinamarquesa sobre Pr\u00e1ticas Comerciais, etc.<br \/>\n2.2 Tais documentos n\u00e3o poder\u00e3o ser utilizados pelo Comprador, sem autoriza\u00e7\u00e3o do Fornecedor, para quaisquer fins que n\u00e3o sejam a instala\u00e7\u00e3o, utiliza\u00e7\u00e3o e manuten\u00e7\u00e3o do equipamento fornecido.<br \/>\n2.3 Tais documentos n\u00e3o poder\u00e3o ser copiados, reproduzidos ou entregues a terceiros, nem de qualquer outra forma levados ao conhecimento de terceiros.<\/p>\n<p>&nbsp;<\/p>\n<h4>3 Propostas e reservas relativas \u00e0 entrega<\/h4>\n<p>3.1 A proposta ser\u00e1 v\u00e1lida at\u00e9 ao termo do prazo de aceita\u00e7\u00e3o indicado na proposta, desde que a aceita\u00e7\u00e3o chegue ao Fornecedor dentro desse prazo.<br \/>\n3.2 Caso o Comprador solicite ao Fornecedor o desenvolvimento de conceitos, apresenta\u00e7\u00f5es criativas, desenhos especiais, etc., ser\u00e1 acordada uma remunera\u00e7\u00e3o separada pela execu\u00e7\u00e3o desse trabalho.<\/p>\n<h4><\/h4>\n<p>&nbsp;<\/p>\n<h4>4 Pre\u00e7os<\/h4>\n<p>4.1 Todos os pre\u00e7os indicados ser\u00e3o v\u00e1lidos at\u00e9 ao termo da validade da proposta.<br \/>\n4.2 O Fornecedor reserva-se o direito de ajustar os pre\u00e7os indicados em caso de altera\u00e7\u00f5es nos direitos aduaneiros, taxas de c\u00e2mbio, impostos, etc., fora do controlo do Fornecedor.<br \/>\n4.3 Caso o Comprador solicite ajustes ou altera\u00e7\u00f5es \u00e0 entrega acordada ap\u00f3s o in\u00edcio dos trabalhos, dever\u00e1 ser celebrado um acordo suplementar quanto ao \u00e2mbito e ao pagamento desse trabalho.<br \/>\n4.4 O valor m\u00ednimo de encomenda para pe\u00e7as sobressalentes da Aerovit \u00e9 de 50 euros.<br \/>\n4.5 Para encomendas abaixo deste valor, ser\u00e1 cobrada uma taxa de processamento de 30 euros.<\/p>\n<h4><\/h4>\n<p>&nbsp;<\/p>\n<h4>5 Termos de entrega<\/h4>\n<p>5.1 Quaisquer termos acordados ser\u00e3o interpretados de acordo com os Incoterms em vigor no momento da celebra\u00e7\u00e3o do acordo.<br \/>\n5.2 Salvo acordo em contr\u00e1rio, os produtos ser\u00e3o entregues \u201cex works\u201d, e a expedi\u00e7\u00e3o ser\u00e1 efetuada por conta e risco do Comprador.<\/p>\n<p>&nbsp;<\/p>\n<h4><\/h4>\n<h4>6 Atraso por parte do Fornecedor<\/h4>\n<p>6.1 Caso o Fornecedor verifique que n\u00e3o poder\u00e1 cumprir o prazo de entrega acordado, ou caso se considere prov\u00e1vel um atraso por parte do Fornecedor, este dever\u00e1 informar o Comprador por escrito, sem demora indevida, indicando simultaneamente o motivo do atraso e, se poss\u00edvel, a data em que se prev\u00ea que a entrega possa ser efetuada.<br \/>\n6.2 Caso o atraso na entrega se deva a qualquer uma das circunst\u00e2ncias previstas na Cl\u00e1usula 14 (for\u00e7a maior) ou a a\u00e7\u00f5es ou omiss\u00f5es por parte do Comprador, o Fornecedor ter\u00e1 o direito de adiar o prazo de entrega na medida considerada razo\u00e1vel tendo em conta as circunst\u00e2ncias.<br \/>\n6.3 Esta disposi\u00e7\u00e3o aplicar-se-\u00e1 independentemente de a causa do atraso ocorrer antes ou depois do termo do prazo de entrega acordado.<br \/>\n6.4 O Comprador n\u00e3o ter\u00e1 o direito de rescindir o contrato devido a um atraso na entrega imput\u00e1vel ao Fornecedor, salvo se o atraso exceder tr\u00eas meses.<br \/>\n6.5 O Comprador n\u00e3o ter\u00e1 o direito de apresentar qualquer reclama\u00e7\u00e3o por danos devido a um atraso imput\u00e1vel ao Fornecedor.<\/p>\n<h4><\/h4>\n<p>&nbsp;<\/p>\n<h4>7 Condi\u00e7\u00f5es de pagamento<\/h4>\n<p>7.1 O pagamento dever\u00e1 ser efetuado, o mais tardar, na data de vencimento indicada na fatura.<br \/>\n7.2 Caso o pagamento n\u00e3o seja efetuado pelo Comprador dentro do prazo, o Fornecedor ter\u00e1 o direito de cobrar juros de mora a partir da data de vencimento, \u00e0 taxa de 1,5% por m\u00eas ou fra\u00e7\u00e3o de m\u00eas.<\/p>\n<h4><\/h4>\n<p>&nbsp;<\/p>\n<h4>8 Devolu\u00e7\u00f5es<\/h4>\n<p>8.1 Os produtos n\u00e3o poder\u00e3o ser devolvidos sem acordo pr\u00e9vio para esse efeito e apenas mediante o pagamento de uma taxa de devolu\u00e7\u00e3o de 20% do pre\u00e7o faturado dos produtos.<br \/>\n8.2 Produtos feitos por medida ou especialmente adquiridos n\u00e3o poder\u00e3o ser devolvidos, salvo se expressamente indicado na proposta.<\/p>\n<h4><\/h4>\n<p>&nbsp;<\/p>\n<h4>9 Embalagem<\/h4>\n<p>9.1 O custo de qualquer embalagem debitada ao Comprador ser\u00e1 reembolsado pelo pre\u00e7o faturado, sem quaisquer dedu\u00e7\u00f5es, desde que tal embalagem seja devolvida ao endere\u00e7o do Fornecedor em estado n\u00e3o danificado e com portes pagos, no prazo de tr\u00eas meses a contar da data da fatura.<\/p>\n<h4><\/h4>\n<p>&nbsp;<\/p>\n<h4>10 Defeitos e n\u00e3o conformidades<\/h4>\n<p>10.1 O Fornecedor ser\u00e1 respons\u00e1vel apenas pelos defeitos e n\u00e3o conformidades que possam ser imputados ao Fornecedor.<br \/>\n10.2 O Fornecedor n\u00e3o ser\u00e1 respons\u00e1vel por quaisquer defeitos e n\u00e3o conformidades causados pela utiliza\u00e7\u00e3o ou opera\u00e7\u00e3o incorreta dos produtos fornecidos, ou por informa\u00e7\u00f5es erradas fornecidas pelo Comprador.<br \/>\n10.3 Al\u00e9m disso, o Fornecedor declina qualquer responsabilidade por defeitos e n\u00e3o conformidades resultantes de informa\u00e7\u00f5es, desenhos e c\u00e1lculos incorretos que n\u00e3o tenham sido corrigidos pelo Comprador, apesar de este ter sido solicitado a verific\u00e1-los.<br \/>\n10.4 A responsabilidade do Fornecedor limitar-se-\u00e1 aos defeitos e n\u00e3o conformidades que se manifestem no prazo de dois anos a contar da data de entrega.<\/p>\n                        <\/div>\n                    \n                    <div class=\"lg:flex md:-mx-4 mt-12\">\n\n\n                        \n                                            <\/div>\n\n                <\/div>\n\n                \n\n                \n                <div class=\"md:px-4 md:w-1\/2 mb-12 md:mb-0\">\n                    \n                    \n                    \n                                            <div class=\"wysiwyg-content\">\n                            <h4>11 Garantia e limita\u00e7\u00f5es de a\u00e7\u00f5es<\/h4>\n<p>11.1 Os produtos fornecidos pelo Fornecedor estar\u00e3o cobertos por uma garantia de 12 meses a contar da data de entrega, quando utilizados em condi\u00e7\u00f5es normais de trabalho.<br \/>\n11.2 Sem preju\u00edzo do acima exposto, o Fornecedor compromete-se, a seu pr\u00f3prio crit\u00e9rio, a efetuar quaisquer repara\u00e7\u00f5es necess\u00e1rias ou a substituir os produtos o mais rapidamente poss\u00edvel dentro do hor\u00e1rio normal de trabalho.<br \/>\n11.3 A garantia n\u00e3o cobrir\u00e1, contudo, defeitos e n\u00e3o conformidades resultantes de desgaste normal, manuten\u00e7\u00e3o inadequada ou tratamento incorreto.<br \/>\n11.4 Al\u00e9m disso, o Fornecedor n\u00e3o ser\u00e1 respons\u00e1vel por quaisquer perdas adicionais ou danos consequenciais, salvo acordo em contr\u00e1rio.<\/p>\n<p>&nbsp;<\/p>\n<h4><\/h4>\n<h4>12 Reclama\u00e7\u00f5es<\/h4>\n<p>12.1 O Comprador ser\u00e1 obrigado a inspecionar os produtos imediatamente ap\u00f3s a rece\u00e7\u00e3o, a fim de assegurar que est\u00e3o em conformidade com o acordado entre as partes.<br \/>\n12.2 Caso essa inspe\u00e7\u00e3o revele quaisquer n\u00e3o conformidades ou defeitos vis\u00edveis, o Comprador dever\u00e1 apresentar reclama\u00e7\u00e3o por escrito no prazo de oito dias.<br \/>\n12.3 Caso o Comprador n\u00e3o cumpra os prazos acima referidos, o direito de reclama\u00e7\u00e3o caducar\u00e1.<br \/>\n12.4 O mesmo se aplicar\u00e1 se tais defeitos ou n\u00e3o conformidades devessem ter sido detetados durante essas inspe\u00e7\u00f5es.<br \/>\n12.5 No caso de quaisquer defeitos ocultos ou n\u00e3o conformidades nos produtos entregues, o Comprador ser\u00e1 obrigado a reclamar desses defeitos imediatamente ap\u00f3s a sua dete\u00e7\u00e3o.<br \/>\n12.6 Caso o Comprador n\u00e3o o fa\u00e7a imediatamente, o direito de reclama\u00e7\u00e3o caducar\u00e1.<br \/>\n12.7 Quaisquer reclama\u00e7\u00f5es apresentadas pelo Comprador n\u00e3o lhe dar\u00e3o o direito de reter o pagamento de quaisquer produtos entregues.<\/p>\n<p>&nbsp;<\/p>\n<h4><\/h4>\n<h4>13 Responsabilidade pelo produto<\/h4>\n<p>13.1 O Fornecedor ser\u00e1 respons\u00e1vel por danos causados pelos produtos apenas na medida em que possa ser comprovado que tais danos s\u00e3o imput\u00e1veis ao Fornecedor ou aos seus colaboradores.<br \/>\n13.2 O Fornecedor nunca ser\u00e1, contudo, respons\u00e1vel por quaisquer perdas operacionais, perda de lucro ou quaisquer outras perdas indiretas. A responsabilidade do Fornecedor por danos materiais n\u00e3o dever\u00e1 exceder o pre\u00e7o acordado.<br \/>\n13.3 Na medida em que o Fornecedor possa ser responsabilizado em liga\u00e7\u00e3o com a utiliza\u00e7\u00e3o dos produtos pelo Comprador, incluindo a revenda, o Comprador ser\u00e1 obrigado a indemnizar o Fornecedor por quaisquer danos que excedam os limites acordados. O Comprador ser\u00e1 obrigado a aceitar que sejam intentados processos contra si perante o mesmo tribunal que aprecia a quest\u00e3o da responsabilidade pelo produto do Fornecedor.<br \/>\n13.4 Al\u00e9m disso, a responsabilidade do Fornecedor ficar\u00e1 condicionada \u00e0 exist\u00eancia de neglig\u00eancia grave por parte do Fornecedor.<\/p>\n<p>&nbsp;<\/p>\n<h4><\/h4>\n<h4>14 For\u00e7a maior<\/h4>\n<p>14.1<\/p>\n<p data-start=\"21\" data-end=\"251\">O Fornecedor n\u00e3o ser\u00e1 respons\u00e1vel por qualquer incumprimento das suas obriga\u00e7\u00f5es se tal incumprimento for imput\u00e1vel a qualquer uma das seguintes circunst\u00e2ncias que impe\u00e7am o cumprimento ou o tornem excessivamente oneroso:<\/p>\n<p data-start=\"253\" data-end=\"762\">Conflitos laborais ou quaisquer outras circunst\u00e2ncias fora do controlo do Fornecedor, tais como, por exemplo, inc\u00eandio, guerra, mobiliza\u00e7\u00e3o ou convoca\u00e7\u00e3o imprevista de pessoal militar de \u00e2mbito semelhante, requisi\u00e7\u00e3o, sequestro, restri\u00e7\u00f5es cambiais, revoltas, dist\u00farbios civis, falta de transporte, salvo se tal escassez pudesse ter sido prevista pelo Fornecedor, escassez geral de produtos e defeitos ou atrasos nas entregas por subfornecedores imput\u00e1veis a qualquer uma das circunst\u00e2ncias acima mencionadas.<\/p>\n<p>14.2 Caso qualquer uma das circunst\u00e2ncias acima mencionadas tenha ocorrido antes da celebra\u00e7\u00e3o do acordo, esta apenas isentar\u00e1 o Fornecedor de responsabilidade na medida em que a sua influ\u00eancia no cumprimento do acordo n\u00e3o pudesse ter sido prevista pelo Fornecedor no momento da celebra\u00e7\u00e3o do acordo.<br \/>\n14.3 Caso pretenda invocar uma isen\u00e7\u00e3o nos termos desta cl\u00e1usula, o Fornecedor dever\u00e1 informar o Comprador desse facto por escrito e com a maior brevidade poss\u00edvel.<br \/>\n14.4 N\u00e3o obstante o conte\u00fado dos presentes termos e condi\u00e7\u00f5es gerais de venda e entrega, qualquer uma das partes ter\u00e1 o direito de rescindir o acordo mediante notifica\u00e7\u00e3o escrita \u00e0 outra parte, caso o cumprimento do acordo seja impedido por mais de seis meses por qualquer um dos acontecimentos mencionados na presente cl\u00e1usula.<\/p>\n<h4><\/h4>\n<p>&nbsp;<\/p>\n<h4>15 Outros acordos<\/h4>\n<p>15.1 Qualquer obriga\u00e7\u00e3o adicional \u00e0s obriga\u00e7\u00f5es acima mencionadas s\u00f3 ser\u00e1 vinculativa para o Fornecedor na medida em que tal obriga\u00e7\u00e3o tenha sido aceite por escrito pelo Fornecedor.<\/p>\n<h4><\/h4>\n<p>&nbsp;<\/p>\n<h4>16 Lit\u00edgios<\/h4>\n<p>16.1 Todos os lit\u00edgios decorrentes do presente contrato ser\u00e3o resolvidos de acordo com a lei dinamarquesa.<br \/>\n16.2 Todos os processos dever\u00e3o, a crit\u00e9rio do Fornecedor, ser instaurados no foro do Fornecedor ou do Comprador.<\/p>\n<p>&nbsp;<\/p>\n                        <\/div>\n                    \n                    <div class=\"lg:flex md:-mx-4 mt-12\">\n\n\n                        \n                                            <\/div>\n\n                <\/div>\n\n                            <\/div>\n\n            <\/div>\n<\/div>\n","protected":false},"excerpt":{"rendered":"","protected":false},"author":91,"featured_media":0,"parent":0,"menu_order":0,"comment_status":"closed","ping_status":"closed","template":"","meta":[],"segment":[],"acf":[],"yoast_head":"<!-- This site is optimized with the Yoast SEO plugin v19.14 - https:\/\/yoast.com\/wordpress\/plugins\/seo\/ -->\n<title>Condi\u00e7\u00f5es gerais de venda e entrega - Aerovit A\/S<\/title>\n<meta name=\"description\" content=\"Conhe\u00e7a os nossos Termos de Venda e Entrega: pre\u00e7os, direitos de autor, especifica\u00e7\u00f5es t\u00e9cnicas, garantia, devolu\u00e7\u00f5es e outros termos.\" \/>\n<meta name=\"robots\" content=\"index, follow, max-snippet:-1, max-image-preview:large, max-video-preview:-1\" \/>\n<link rel=\"canonical\" href=\"https:\/\/www.aerovit.dk\/pt-pt\/condicoes-gerais-de-venda-e-entrega\/\" \/>\n<meta property=\"og:locale\" content=\"pt_PT\" \/>\n<meta property=\"og:type\" content=\"article\" \/>\n<meta property=\"og:title\" content=\"Condi\u00e7\u00f5es gerais de venda e entrega - Aerovit A\/S\" \/>\n<meta property=\"og:description\" content=\"Conhe\u00e7a os nossos Termos de Venda e Entrega: pre\u00e7os, direitos de autor, especifica\u00e7\u00f5es t\u00e9cnicas, garantia, devolu\u00e7\u00f5es e outros termos.\" \/>\n<meta property=\"og:url\" content=\"https:\/\/www.aerovit.dk\/pt-pt\/condicoes-gerais-de-venda-e-entrega\/\" \/>\n<meta property=\"og:site_name\" content=\"Aerovit A\/S\" \/>\n<meta property=\"article:modified_time\" content=\"2026-04-28T08:58:35+00:00\" \/>\n<meta name=\"twitter:card\" content=\"summary_large_image\" \/>\n<script type=\"application\/ld+json\" class=\"yoast-schema-graph\">{\"@context\":\"https:\/\/schema.org\",\"@graph\":[{\"@type\":\"WebPage\",\"@id\":\"https:\/\/www.aerovit.dk\/pt-pt\/condicoes-gerais-de-venda-e-entrega\/\",\"url\":\"https:\/\/www.aerovit.dk\/pt-pt\/condicoes-gerais-de-venda-e-entrega\/\",\"name\":\"Condi\u00e7\u00f5es gerais de venda e entrega - Aerovit A\/S\",\"isPartOf\":{\"@id\":\"https:\/\/www.aerovit.dk\/#website\"},\"datePublished\":\"2025-09-23T12:41:04+00:00\",\"dateModified\":\"2026-04-28T08:58:35+00:00\",\"description\":\"Conhe\u00e7a os nossos Termos de Venda e Entrega: pre\u00e7os, direitos de autor, especifica\u00e7\u00f5es t\u00e9cnicas, garantia, devolu\u00e7\u00f5es e outros termos.\",\"inLanguage\":\"pt-PT\",\"potentialAction\":[{\"@type\":\"ReadAction\",\"target\":[\"https:\/\/www.aerovit.dk\/pt-pt\/condicoes-gerais-de-venda-e-entrega\/\"]}]},{\"@type\":\"WebSite\",\"@id\":\"https:\/\/www.aerovit.dk\/#website\",\"url\":\"https:\/\/www.aerovit.dk\/\",\"name\":\"Aerovit A\/S\",\"description\":\"We specialize in keeping boilers clean \u2013 Efficiently and reliably\",\"publisher\":{\"@id\":\"https:\/\/www.aerovit.dk\/#organization\"},\"potentialAction\":[{\"@type\":\"SearchAction\",\"target\":{\"@type\":\"EntryPoint\",\"urlTemplate\":\"https:\/\/www.aerovit.dk\/?s={search_term_string}\"},\"query-input\":\"required name=search_term_string\"}],\"inLanguage\":\"pt-PT\"},{\"@type\":\"Organization\",\"@id\":\"https:\/\/www.aerovit.dk\/#organization\",\"name\":\"Aerovit A\/S\",\"url\":\"https:\/\/www.aerovit.dk\/\",\"logo\":{\"@type\":\"ImageObject\",\"inLanguage\":\"pt-PT\",\"@id\":\"https:\/\/www.aerovit.dk\/#\/schema\/logo\/image\/\",\"url\":\"https:\/\/www.aerovit.dk\/wp-content\/uploads\/sites\/112\/2022\/12\/Home-Logo.svg\",\"contentUrl\":\"https:\/\/www.aerovit.dk\/wp-content\/uploads\/sites\/112\/2022\/12\/Home-Logo.svg\",\"width\":1923,\"height\":289,\"caption\":\"Aerovit A\/S\"},\"image\":{\"@id\":\"https:\/\/www.aerovit.dk\/#\/schema\/logo\/image\/\"},\"sameAs\":[\"https:\/\/www.linkedin.com\/company\/1889435\/\"]}]}<\/script>\n<!-- \/ Yoast SEO plugin. -->","yoast_head_json":{"title":"Condi\u00e7\u00f5es gerais de venda e entrega - Aerovit A\/S","description":"Conhe\u00e7a os nossos Termos de Venda e Entrega: pre\u00e7os, direitos de autor, especifica\u00e7\u00f5es t\u00e9cnicas, garantia, devolu\u00e7\u00f5es e outros termos.","robots":{"index":"index","follow":"follow","max-snippet":"max-snippet:-1","max-image-preview":"max-image-preview:large","max-video-preview":"max-video-preview:-1"},"canonical":"https:\/\/www.aerovit.dk\/pt-pt\/condicoes-gerais-de-venda-e-entrega\/","og_locale":"pt_PT","og_type":"article","og_title":"Condi\u00e7\u00f5es gerais de venda e entrega - Aerovit A\/S","og_description":"Conhe\u00e7a os nossos Termos de Venda e Entrega: pre\u00e7os, direitos de autor, especifica\u00e7\u00f5es t\u00e9cnicas, garantia, devolu\u00e7\u00f5es e outros termos.","og_url":"https:\/\/www.aerovit.dk\/pt-pt\/condicoes-gerais-de-venda-e-entrega\/","og_site_name":"Aerovit A\/S","article_modified_time":"2026-04-28T08:58:35+00:00","twitter_card":"summary_large_image","schema":{"@context":"https:\/\/schema.org","@graph":[{"@type":"WebPage","@id":"https:\/\/www.aerovit.dk\/pt-pt\/condicoes-gerais-de-venda-e-entrega\/","url":"https:\/\/www.aerovit.dk\/pt-pt\/condicoes-gerais-de-venda-e-entrega\/","name":"Condi\u00e7\u00f5es gerais de venda e entrega - Aerovit A\/S","isPartOf":{"@id":"https:\/\/www.aerovit.dk\/#website"},"datePublished":"2025-09-23T12:41:04+00:00","dateModified":"2026-04-28T08:58:35+00:00","description":"Conhe\u00e7a os nossos Termos de Venda e Entrega: pre\u00e7os, direitos de autor, especifica\u00e7\u00f5es t\u00e9cnicas, garantia, devolu\u00e7\u00f5es e outros termos.","inLanguage":"pt-PT","potentialAction":[{"@type":"ReadAction","target":["https:\/\/www.aerovit.dk\/pt-pt\/condicoes-gerais-de-venda-e-entrega\/"]}]},{"@type":"WebSite","@id":"https:\/\/www.aerovit.dk\/#website","url":"https:\/\/www.aerovit.dk\/","name":"Aerovit A\/S","description":"We specialize in keeping boilers clean \u2013 Efficiently and reliably","publisher":{"@id":"https:\/\/www.aerovit.dk\/#organization"},"potentialAction":[{"@type":"SearchAction","target":{"@type":"EntryPoint","urlTemplate":"https:\/\/www.aerovit.dk\/?s={search_term_string}"},"query-input":"required name=search_term_string"}],"inLanguage":"pt-PT"},{"@type":"Organization","@id":"https:\/\/www.aerovit.dk\/#organization","name":"Aerovit A\/S","url":"https:\/\/www.aerovit.dk\/","logo":{"@type":"ImageObject","inLanguage":"pt-PT","@id":"https:\/\/www.aerovit.dk\/#\/schema\/logo\/image\/","url":"https:\/\/www.aerovit.dk\/wp-content\/uploads\/sites\/112\/2022\/12\/Home-Logo.svg","contentUrl":"https:\/\/www.aerovit.dk\/wp-content\/uploads\/sites\/112\/2022\/12\/Home-Logo.svg","width":1923,"height":289,"caption":"Aerovit A\/S"},"image":{"@id":"https:\/\/www.aerovit.dk\/#\/schema\/logo\/image\/"},"sameAs":["https:\/\/www.linkedin.com\/company\/1889435\/"]}]}},"_links":{"self":[{"href":"https:\/\/www.aerovit.dk\/pt-pt\/wp-json\/wp\/v2\/pages\/17127"}],"collection":[{"href":"https:\/\/www.aerovit.dk\/pt-pt\/wp-json\/wp\/v2\/pages"}],"about":[{"href":"https:\/\/www.aerovit.dk\/pt-pt\/wp-json\/wp\/v2\/types\/page"}],"author":[{"embeddable":true,"href":"https:\/\/www.aerovit.dk\/pt-pt\/wp-json\/wp\/v2\/users\/91"}],"replies":[{"embeddable":true,"href":"https:\/\/www.aerovit.dk\/pt-pt\/wp-json\/wp\/v2\/comments?post=17127"}],"version-history":[{"count":14,"href":"https:\/\/www.aerovit.dk\/pt-pt\/wp-json\/wp\/v2\/pages\/17127\/revisions"}],"predecessor-version":[{"id":17167,"href":"https:\/\/www.aerovit.dk\/pt-pt\/wp-json\/wp\/v2\/pages\/17127\/revisions\/17167"}],"wp:attachment":[{"href":"https:\/\/www.aerovit.dk\/pt-pt\/wp-json\/wp\/v2\/media?parent=17127"}],"wp:term":[{"taxonomy":"segment","embeddable":true,"href":"https:\/\/www.aerovit.dk\/pt-pt\/wp-json\/wp\/v2\/segment?post=17127"}],"curies":[{"name":"wp","href":"https:\/\/api.w.org\/{rel}","templated":true}]}}